{"id":3,"date":"2026-03-11T15:21:03","date_gmt":"2026-03-11T15:21:03","guid":{"rendered":"https:\/\/filipino.is\/alcohol\/?page_id=3"},"modified":"2026-03-16T10:39:43","modified_gmt":"2026-03-16T10:39:43","slug":"privacy-policy","status":"publish","type":"page","link":"https:\/\/filipino.is\/alcohol\/index.php\/privacy-policy\/","title":{"rendered":"Privacy Policy"},"content":{"rendered":"\n<h2 class=\"wp-block-heading\">Pers\u00f3nuvernd<\/h2>\n\n\n\n<p>Filipino Store ehf. fer me\u00f0 allar uppl\u00fdsingar um vi\u00f0skiptavini sem tr\u00fana\u00f0arm\u00e1l. Filipino Store ehf. geymir ekki uppl\u00fdsingar um grei\u00f0slukort \u00fear sem vi\u00f0skiptin fara fram \u00e1 vefsv\u00e6\u00f0i Mypos.<\/p>\n\n\n\n<h2 class=\"wp-block-heading\"><strong>Almennt<\/strong><\/h2>\n\n\n\n<p>\u00cd \u00feessari pers\u00f3nuverndaryfirl\u00fdsingu kemur fram hvernig vi\u00f0 umg\u00f6ngumst \u00fe\u00e6r pers\u00f3nuuppl\u00fdsingar sem vi\u00f0 geymum um \u00feig og hva\u00f0a r\u00e9ttindi \u00fe\u00fa \u00e1tt var\u00f0andi uppl\u00fdsingarnar. Filipino Store ehf. er eigandi Filipino.is. Til einf\u00f6ldunar ver\u00f0ur h\u00e9r eftir tala\u00f0 um Filipino Store ehf. og Filipino.is sem \u201evefs\u00ed\u00f0u\u201c e\u00f0a \u201evi\u00f0\u201c.<\/p>\n\n\n\n<p>Vi\u00f0 heitum \u00fev\u00ed a\u00f0 g\u00e6ta fyllsta tr\u00fana\u00f0ar og vir\u00f0a r\u00e9tt \u00feinn var\u00f0andi me\u00f0fer\u00f0 pers\u00f3nuuppl\u00fdsinga um \u00feig. Okkur er umhuga\u00f0 um pers\u00f3nuvernd og vi\u00f0 viljum a\u00f0 \u00fe\u00fa vitir hvernig vi\u00f0 me\u00f0h\u00f6ndlum pers\u00f3nuuppl\u00fdsingar um \u00feig. Stefna \u00feessi tekur til pers\u00f3nuuppl\u00fdsinga hvort sem \u00feeim er safna\u00f0 og \u00fe\u00e6r var\u00f0veittar me\u00f0 rafr\u00e6num h\u00e6tti, \u00e1 papp\u00edr e\u00f0a me\u00f0 \u00f6\u00f0rum h\u00e6tti. Stefnan tekur til skr\u00e1ningar, v\u00f6rslu og vinnslu pers\u00f3nuuppl\u00fdsinga sem falla undir stefnuna.<\/p>\n\n\n\n<p>Stefnan er a\u00f0gengileg \u00e1 vefs\u00ed\u00f0u&nbsp;<a href=\"https:\/\/www.filipino.is\/\" target=\"_blank\" rel=\"noreferrer noopener\">Filipino.is<\/a>. \u00de\u00e9r er bent \u00e1 stefnuna \u00ed innskr\u00e1ningarferli \u00feegar \u00fe\u00fa s\u00e6kir um \u00fej\u00f3nustu fr\u00e1 okkur og \u00fe\u00fa ert be\u00f0in(n) um a\u00f0 sta\u00f0festa lestur hennar.<\/p>\n\n\n\n<h2 class=\"wp-block-heading\"><strong>\u00c1byrg\u00f0ara\u00f0ili<\/strong><\/h2>\n\n\n\n<p>Filipino Store ehf, kt. 611221-2900, Langarima 21-23, 112 Reykjav\u00edk er \u00e1byrg\u00f0ara\u00f0ili fyrir \u00feeirri vinnslu pers\u00f3nuuppl\u00fdsinga sem fram fer \u00ed tengslum vi\u00f0 \u00fej\u00f3nustu og v\u00f6rur Filipino.is.<\/p>\n\n\n\n<h2 class=\"wp-block-heading\"><strong>Hva\u00f0a uppl\u00fdsingum s\u00f6fnum vi\u00f0 og hvernig s\u00f6fnum vi\u00f0 \u00feeim?<\/strong><\/h2>\n\n\n\n<p>Pers\u00f3nuuppl\u00fdsingar eru hvers kyns uppl\u00fdsingar um einstakling sem gera m\u00f6gulegt a\u00f0 pers\u00f3nugreina hann, beint e\u00f0a \u00f3beint. Vi\u00f0 notum pers\u00f3nuuppl\u00fdsingar alla jafna \u00ed \u00feeim tilgangi a\u00f0 virkja a\u00f0gang \u00feinn a\u00f0 vefs\u00ed\u00f0um okkar, veita \u00fe\u00e9r fyrsta flokks \u00fej\u00f3nustu, uppl\u00fdsa \u00feig um tilbo\u00f0 sem vi\u00f0 teljum a\u00f0 \u00fe\u00fa hafir \u00e1huga \u00e1. Vi\u00f0 s\u00f6fnum einkum eftirfarandi pers\u00f3nuuppl\u00fdsingum um \u00feig:<\/p>\n\n\n\n<ul class=\"wp-block-list\">\n<li>Tengili\u00f0auppl\u00fdsingar, s.s. nafn, kennit\u00f6lu, kyn, heimilisfang, t\u00f6lvup\u00f3stfang og s\u00edman\u00famer. \u00deetta gerum vi\u00f0 til \u00feess a\u00f0 geta afhent \u00fe\u00e9r v\u00f6rur og \u00fej\u00f3nustu og til \u00feess a\u00f0 geta sent \u00fe\u00e9r tilkynningar (me\u00f0 t\u00f6lvup\u00f3sti e\u00f0a SMS-skilabo\u00f0um) \u00ed tengslum vi\u00f0 v\u00f6rukaup og tilbo\u00f0 \u00e1 v\u00f6rum og \u00fej\u00f3nustu. Tengili\u00f0auppl\u00fdsingum s\u00f6fnum vi\u00f0 fr\u00e1 \u00fe\u00e9r \u00ed gegnum, s\u00edma, utan nets (s.s. me\u00f0 a\u00f0 hringja \u00ed \u00fej\u00f3nustuver), vefsv\u00e6\u00f0i e\u00f0a t\u00f6lvup\u00f3sti, e\u00f0a me\u00f0 \u00f6\u00f0rum h\u00e6tti \u00fear sem \u00fe\u00fa hefur m.a. veitt sj\u00e1lfviljugur \u00feessar uppl\u00fdsingar.<\/li>\n\n\n\n<li>Grei\u00f0sluuppl\u00fdsingar, t.d. debet e\u00f0a kreditkortan\u00famer. Vi\u00f0 h\u00f6ldum utan um grei\u00f0sluuppl\u00fdsingar og \u00fatgefna reikninga sem eru nau\u00f0synlegar vegna samningssambands okkar og til a\u00f0 uppfylla skilyr\u00f0i skatta- og b\u00f3khaldslaga, \u00feegar \u00fe\u00fa borgar fyrir v\u00f6ru e\u00f0a \u00fej\u00f3nustu.<\/li>\n\n\n\n<li>Uppl\u00fdsingar um v\u00f6rukaup- og\/e\u00f0a \u00fej\u00f3nustu, svo sem um dagsetningu vi\u00f0skipta, hvar vi\u00f0skiptin \u00e1ttu s\u00e9r sta\u00f0 og hva\u00f0 var keypt. \u00deetta gerum vi\u00f0 til \u00feess a\u00f0 halda utan um kaups\u00f6gu og vi\u00f0 skil og skipti \u00e1 v\u00f6rum. Jafnframt eru \u00feessar uppl\u00fdsingar nau\u00f0synlegar vegna samningssambands okkar og til a\u00f0 uppfylla skilyr\u00f0i skatta- og b\u00f3khaldslaga.<\/li>\n\n\n\n<li>Uppl\u00fdsingar um vi\u00f0skiptavin, \u00feegar \u00fe\u00fa s\u00e6kir um a\u00f0 fara \u00ed reikningsvi\u00f0skipti hj\u00e1 okkur. Einnig s\u00f6fnum vi\u00f0 uppl\u00fdsingum um vanskilaskr\u00e1 \u00feeirra sem vilja stofna til sl\u00edkra vi\u00f0skipta vi\u00f0 okkur og \u00fe\u00e1 me\u00f0 \u00feeirra sam\u00feykki.<\/li>\n\n\n\n<li>Samskiptasaga, \u00feegar \u00fe\u00fa hefur samband vi\u00f0 okkur, s.s. \u00f3skar eftir uppl\u00fdsingum, kemur athugasemdum \u00e1 framf\u00e6ri, sendir kv\u00f6rtun e\u00f0a bei\u00f0ni, me\u00f0 t\u00f6lvup\u00f3sti, \u00ed s\u00edma e\u00f0a \u00e1 \u00fej\u00f3nustubor\u00f0i \u00ed verslun okkar. S\u00edmt\u00f6l kunna a\u00f0 vera hlj\u00f3\u00f0ritu\u00f0 en t\u00f6lvup\u00f3star og samskipti \u00ed gegnum \u00fej\u00f3nustukerfi\u00f0 okkar eru geymd \u00ed allt a\u00f0 tv\u00f6 \u00e1r.<\/li>\n\n\n\n<li>Marka\u00f0ssetning \u00e1 netinu<strong>,&nbsp;<\/strong>\u00feegar vi\u00f0 sendum \u00fe\u00e9r marka\u00f0s- og tilbo\u00f0sefni me\u00f0 br\u00e9fp\u00f3sti, t\u00f6lvup\u00f3sti e\u00f0a SMS-skilabo\u00f0um s.s. augl\u00fdsingar, kynningarefni, kannanir, afsl\u00e1ttarmi\u00f0a, tilbo\u00f0 og me\u00f0m\u00e6li me\u00f0 v\u00f6rum, enda hafir \u00fe\u00fa \u00e1\u00f0ur veitt sam\u00feykki fyrir sl\u00edkri notkun. \u00deessi marka\u00f0ssetning kanna a\u00f0 vera bygg\u00f0 \u00e1 uppl\u00fdsingum um kaups\u00f6gu \u00fe\u00edna \u00feannig a\u00f0 \u00fe\u00fa f\u00e1ir uppl\u00fdsingar og tilbo\u00f0 sem vi\u00f0 teljum sni\u00f0in s\u00e9rstaklega a\u00f0 \u00fe\u00e9r. \u00de\u00fa getur af\u00feakka\u00f0 sl\u00edkt kynningarefni inn \u00e1<a href=\"https:\/\/filipino.is\/index.php\/my-account\/\">&nbsp;\u201eM\u00ednum s\u00ed\u00f0um\u201c \u00e1 vefs\u00ed\u00f0um okkar.<\/a><\/li>\n\n\n\n<li>T\u00e6knileg g\u00f6gn,. \u00deegar \u00fe\u00fa heims\u00e6kir vefs\u00ed\u00f0ur okkar \u00fe\u00e1 s\u00f6fnum vi\u00f0 g\u00f6gnum sj\u00e1lfkrafa sem fela \u00ed s\u00e9r uppl\u00fdsingar eins og IP-t\u00f6lu, tegund vafra, au\u00f0kenni t\u00f6lvunnar og t\u00f6lvukerfi. Einnig eru skr\u00e1\u00f0ar uppl\u00fdsingar um a\u00f0 \u00fe\u00fa tengist vefs\u00ed\u00f0unni okkar \u00ed gegnum hlekk og \u00fe\u00e1 af hva\u00f0a vefs\u00ed\u00f0u, hvernig \u00fe\u00fa notar vefs\u00ed\u00f0una, t\u00edma og dagsetning heims\u00f3knar, \u00feann t\u00edma sem \u00fe\u00fa var\u00f0ir \u00e1 \u00feessum s\u00ed\u00f0um, auk uppl\u00fdsinga um kaup \u00e1 v\u00f6rum og \u00fej\u00f3nustu. Sl\u00edkum uppl\u00fdsingum kann a\u00f0 vera safna\u00f0 me\u00f0 notkun vefkaka (e. cookies). N\u00e1nar um uppl\u00fdsingar um vefk\u00f6kur m\u00e1&nbsp;<a href=\"https:\/\/filipino.is\/index.php\/vefkokustefna\/\">finna h\u00e9r.<\/a><\/li>\n\n\n\n<li>Uppt\u00f6kur \u00ed eftirlitsmyndav\u00e9lum \u00ed \u00fej\u00f3nustuveri, vi\u00f0 s\u00f6fnum t.d. uppt\u00f6kum \u00far eftirlitsmyndav\u00e9lum \u00ed \u00fej\u00f3nustuveri og v\u00f6ruh\u00fasi og eru \u00fe\u00e6r geymdar \u00ed \u00f6ryggis- og eignav\u00f6rsluskyni a\u00f0 h\u00e1marki \u00ed 90 daga.<\/li>\n<\/ul>\n\n\n\n<p>A\u00f0 jafna\u00f0i f\u00e1um vi\u00f0 framangreindar uppl\u00fdsingar beint fr\u00e1 \u00fe\u00e9r en uppl\u00fdsingarnar kunna \u00fe\u00f3 a\u00f0 koma fr\u00e1 \u00feri\u00f0ja a\u00f0ila, t.d. CreditInfo \u00e1 \u00cdslandi, stj\u00f3rnv\u00f6ldum og\/e\u00f0a \u00fej\u00f3nustuveitendum okkar.<\/p>\n\n\n\n<h2 class=\"wp-block-heading\"><strong>Tilgangur vinnslu okkar \u00e1 pers\u00f3nuuppl\u00fdsingum<\/strong><\/h2>\n\n\n\n<p>Vi\u00f0 s\u00f6fnum og geymum pers\u00f3nuuppl\u00fdsingar um \u00feig m.a. \u00ed eftirfarandi tilgangi:<\/p>\n\n\n\n<ul class=\"wp-block-list\">\n<li>Til a\u00f0 geta veitt \u00fe\u00e9r \u00fe\u00e1 \u00fej\u00f3nustu sem \u00fe\u00fa \u00f3skar eftir, hvort sem \u00fea\u00f0 er a\u00f0 senda \u00feeim v\u00f6rur heim a\u00f0 dyrum e\u00f0a taka \u00e1 m\u00f3ti grei\u00f0slum og\/e\u00f0a \u00ed tengslum vi\u00f0 a\u00f0rar v\u00f6rur og \u00fej\u00f3nustu sem vi\u00f0 bj\u00f3\u00f0um upp \u00e1 e\u00f0a h\u00f6fum millig\u00f6ngu um. A\u00f0 \u00f6\u00f0ru leyti til a\u00f0 framfylgja skilm\u00e1lum okkar.<\/li>\n\n\n\n<li>Til a\u00f0 svara fyrirspurnum \u00fe\u00ednum \u00ed gegnum t\u00f6lvup\u00f3st e\u00f0a s\u00edma og\/e\u00f0a breg\u00f0ast vi\u00f0 \u00f3skum \u00fe\u00ednum.<\/li>\n\n\n\n<li>Til a\u00f0 geta sent \u00fe\u00e9r uppl\u00fdsingar \u00ed t\u00f6lvup\u00f3sti e\u00f0a \u00ed \u201esms\u201c um tilbo\u00f0 \u00e1 v\u00f6rum og afsl\u00e6tti \u00e1 v\u00f6ru, a\u00f0 \u00fev\u00ed gefnu a\u00f0 \u00fe\u00fa sam\u00feykkir sl\u00edkt.<\/li>\n\n\n\n<li>Til a\u00f0 geta sent \u00fe\u00e9r uppl\u00fdsingar sem eru s\u00e9rsni\u00f0nar a\u00f0 \u00fe\u00e9r, svo sem \u00e1 afm\u00e6lisdegi \u00fe\u00ednum, um afsl\u00e1tt af v\u00f6rum sem eru geymdar \u00ed k\u00f6rfu \u00e1 vefs\u00ed\u00f0um o.fl.<\/li>\n\n\n\n<li>Til a\u00f0 efna samning okkar vi\u00f0 \u00feig um veitingu \u00e1kve\u00f0innar \u00fej\u00f3nustu e\u00f0a v\u00f6ru,<\/li>\n\n\n\n<li>Til a\u00f0 geta uppfyllt skyldur okkar samkv\u00e6mt b\u00f3khaldsl\u00f6gum, samkv\u00e6mt bei\u00f0num fr\u00e1 opinberum yfirv\u00f6ldum og stofnunum og \u00f6\u00f0rum \u00e1kv\u00e6\u00f0um laga.<\/li>\n\n\n\n<li>Til a\u00f0 geta teki\u00f0 \u00e1kv\u00f6r\u00f0un um vi\u00f0skiptakj\u00f6r \u00fe\u00edn og hvort stofna eigi til reikningsvi\u00f0skipta \u00f3skum vi\u00f0 eftir uppl\u00fdsingum \u00far vanskilaskr\u00e1 um \u00fe\u00e1 einstaklinga\/fyrirt\u00e6ki.<\/li>\n\n\n\n<li>Til a\u00f0 geta sko\u00f0a\u00f0 uppt\u00f6kur \u00far eftirlitsmyndav\u00e9lum \u00far \u00fej\u00f3nustuveri og v\u00f6ruh\u00fasi.<\/li>\n\n\n\n<li>Til a\u00f0 gera \u00fe\u00e9r kleift a\u00f0 deila efni \u00e1 samf\u00e9lagsmi\u00f0lum af vefsv\u00e6\u00f0i okkar.<\/li>\n\n\n\n<li>Til a\u00f0 geta \u00e1tt \u00ed samskiptum \u00ed tengslum vi\u00f0 kaup \u00ed gegnum vefs\u00ed\u00f0ur okkar.,<\/li>\n\n\n\n<li>Til a\u00f0 senda \u00fe\u00e9r mikilv\u00e6gar uppl\u00fdsingar sem tengjast \u00fej\u00f3nustu okkar vi\u00f0 \u00feig t.d. uppl\u00fdsingar um breytingar \u00e1 skilm\u00e1lum og anna\u00f0 sem tengist \u00fej\u00f3nustu okkar vi\u00f0 \u00feig.<\/li>\n\n\n\n<li>Til a\u00f0 geta greint og gert \u00e1\u00e6tlanir innan fyrirt\u00e6kisins, vi\u00f0 marka\u00f0sranns\u00f3knir, til a\u00f0 b\u00e6ta \u00fej\u00f3nustu okkar og teki\u00f0 saman t\u00f6lfr\u00e6\u00f0ilegar uppl\u00fdsingar \u00ed g\u00e6\u00f0a- og marka\u00f0sstarfi.<\/li>\n\n\n\n<li>Til a\u00f0 gera \u00fe\u00e9r kleift a\u00f0 taka \u00fe\u00e1tt \u00ed leikjum, keppnum, kynningarherfer\u00f0um, k\u00f6nnunum e\u00f0a \u00f6\u00f0rum kynningum \u00e1 okkar vegum. \u00cd einhverjum tilvikum kunna a\u00f0 vera vi\u00f0b\u00f3taruppl\u00fdsingar sem \u00fe\u00fa \u00fearft a\u00f0 kynna \u00fe\u00e9r s\u00e9rstaklega og hvetjum vi\u00f0 \u00feig til a\u00f0 gera \u00fea\u00f0.<\/li>\n<\/ul>\n\n\n\n<p>A\u00f0 \u00fev\u00ed gefnu a\u00f0 \u00fe\u00fa veitir okkur sam\u00feykki \u00feitt getum vi\u00f0 nota\u00f0 pers\u00f3nuuppl\u00fdsingar \u00fe\u00ednar til a\u00f0 kynna fyrir \u00fe\u00e9r v\u00f6rur og \u00fej\u00f3nustur fr\u00e1 okkur, eignartengdum f\u00e9l\u00f6gum e\u00f0a samstarfsa\u00f0ilum. Vi\u00f0 g\u00e6tum einnig sent \u00fe\u00e9r anna\u00f0 marka\u00f0stengt efni sem vi\u00f0 teljum a\u00f0 \u00fe\u00fa g\u00e6tir haft \u00e1huga \u00e1.<\/p>\n\n\n\n<p>Innt er eftir sam\u00feykki \u00fe\u00ednu \u00e1 vefs\u00ed\u00f0um okkar \u00feegar \u00fe\u00fa s\u00e6kir um a\u00f0gang. \u00de\u00fa getur einnig komi\u00f0 sam\u00feykki \u00fe\u00ednu \u00e1 framf\u00e6ri me\u00f0 \u00fev\u00ed a\u00f0 senda okkur t\u00f6lvup\u00f3st \u00e1&nbsp;<a href=\"mailto:store@filipino.is\">store@filipino.is<\/a><\/p>\n\n\n\n<p>\u00deessi samskipti g\u00e6tu \u00e1tt s\u00e9r sta\u00f0 \u00ed gegnum t\u00f6lvup\u00f3st s\u00edma, br\u00e9flei\u00f0is e\u00f0a me\u00f0 SMS. \u00de\u00fa getur alltaf afturkalla\u00f0 sam\u00feykki \u00feitt hven\u00e6r sem \u00fe\u00e9r hentar til a\u00f0 koma \u00ed veg fyrir a\u00f0 vi\u00f0 sendum \u00fe\u00e9r efni \u00ed marka\u00f0stengdum tilgangi \u00ed framt\u00ed\u00f0inni. \u00de\u00fa getur \u00fea\u00f0 me\u00f0 \u00fev\u00ed a\u00f0 fara \u00e1 vefs\u00ed\u00f0u okkar og afskr\u00e1 \u00feig, smella \u00e1 tengil \u00ed t\u00f6lvup\u00f3sti sem \u00fe\u00fa hefur fengi\u00f0 fr\u00e1 okkur, sent t\u00f6lvup\u00f3st \u00e1&nbsp;<a href=\"mailto:store@filipino.is\">store@filipino.is<\/a><a href=\"mailto:personuvernd@wedo.is\">&nbsp;<\/a>&nbsp;e\u00f0a&nbsp;<a href=\"https:\/\/filipino.is\/index.php\/contact-us\/\">smellt h\u00e9r<\/a>. \u00cd sl\u00edkri bei\u00f0ni \u00fearf a\u00f0 koma sk\u00fdrt fram a\u00f0 \u00fe\u00fa viljir ekki f\u00e1 sent fr\u00e1 okkur sl\u00edkt efni, framvegis.<\/p>\n\n\n\n<p>Ekki er v\u00edst a\u00f0 afturk\u00f6llunin taki tafarlaust gildi en vi\u00f0 munum reyna a\u00f0 ver\u00f0a vi\u00f0 sl\u00edkri bei\u00f0ni eins flj\u00f3tt og m\u00f6gulegt er, en tryggjum a\u00f0 sl\u00edkt s\u00e9 loki\u00f0 innan 30 daga. Ef \u00fe\u00fa vilt ekki f\u00e1 marka\u00f0stengt efni fr\u00e1 okkur, getum vi\u00f0 samt haldi\u00f0 \u00e1fram a\u00f0 hafa samband vi\u00f0 \u00feig og sent \u00fe\u00e9r nau\u00f0synlegar uppl\u00fdsingar \u00ed tengslum vi\u00f0 \u00fej\u00f3nustu okkar og\/e\u00f0a l\u00f6gum samkv\u00e6mt.<\/p>\n\n\n\n<p><strong>Mi\u00f0lun til \u00feri\u00f0ja a\u00f0ila<\/strong><\/p>\n\n\n\n<p>\u00cd \u00fev\u00ed skyni a\u00f0 uppfylla \u00feann tilgang sem l\u00fdst er h\u00e9r a\u00f0 ofan kann a\u00f0 vera nau\u00f0synlegt a\u00f0 mi\u00f0la pers\u00f3nugreinanlegum uppl\u00fdsingum um \u00feig til \u00feri\u00f0ju a\u00f0ila. Til a\u00f0 mynda sj\u00e1 sl\u00edkir a\u00f0ilar um vinnslu vi\u00f0 debet- og kreditf\u00e6rslur, v\u00f6ruflutninga, \u00fej\u00f3nustuver, \u00fatsendingu t\u00f6lvup\u00f3sts, h\u00fdsingu UT-b\u00fana\u00f0ar, fjarskiptafyrirt\u00e6ki og rekstur t\u00f6lvukerfis.<\/p>\n\n\n\n<p>Okkur er heimilt a\u00f0 mi\u00f0la pers\u00f3nuuppl\u00fdsingum til \u00feri\u00f0ja a\u00f0ila (vinnslua\u00f0ila) sem er \u00fej\u00f3nustuveitandi umbo\u00f0sma\u00f0ur e\u00f0a verktaki okkar, \u00ed \u00feeim tilgangi a\u00f0 lj\u00faka vi\u00f0 verkefni fyrir \u00feig e\u00f0a veita \u00fe\u00e9r \u00fej\u00f3nustu e\u00f0a v\u00f6ru sem \u00fe\u00fa hefur be\u00f0i\u00f0 um e\u00f0a sam\u00feykkt. Okkur er einnig heimilt a\u00f0 deila uppl\u00fdsingum me\u00f0 vinnslua\u00f0ilum \u00feegar \u00fea\u00f0 er nau\u00f0synlegt til a\u00f0 vernda br\u00fdna hagsmuni t.d. vi\u00f0 innheimtu \u00e1 vanskilakr\u00f6fum. Vi\u00f0 deilum einnig uppl\u00fdsingum, \u00ed t\u00f6lfr\u00e6\u00f0ilegum tilgangi, me\u00f0 vinnslua\u00f0ilum sem vinna me\u00f0 fyrirt\u00e6kinu vi\u00f0 g\u00e6\u00f0a- og marka\u00f0sstarf. Vi\u00f0 afhendum vinnslua\u00f0ilunum einungis \u00fe\u00e6r pers\u00f3nuuppl\u00fdsingar sem eru nau\u00f0synlegar fyrir vinnslua\u00f0ila \u00ed framangreindum tilgangi og gerir fyrirt\u00e6ki\u00f0 \u00fe\u00e1 samning \u00fear sem vinnslua\u00f0ilarnir undirgangast skyldu um a\u00f0 halda uppl\u00fdsingum um \u00feig \u00f6ruggum og nota \u00fe\u00e6r einungis \u00ed framangreindum tilgangi.<\/p>\n\n\n\n<h2 class=\"wp-block-heading\"><strong>\u00d6ryggi pers\u00f3nuuppl\u00fdsinga<\/strong><\/h2>\n\n\n\n<p>Okkur er heimilt a\u00f0 mi\u00f0la pers\u00f3nuuppl\u00fdsingum til \u00feri\u00f0ja a\u00f0ila (vinnslua\u00f0ila) sem er \u00fej\u00f3nustuveitandi umbo\u00f0sma\u00f0ur e\u00f0a verktaki okkar, \u00ed \u00feeim tilgangi a\u00f0 lj\u00faka vi\u00f0 verkefni fyrir \u00feig e\u00f0a veita \u00fe\u00e9r \u00fej\u00f3nustu e\u00f0a v\u00f6ru sem \u00fe\u00fa hefur be\u00f0i\u00f0 um e\u00f0a sam\u00feykkt. Okkur er einnig heimilt a\u00f0 deila uppl\u00fdsingum me\u00f0 vinnslua\u00f0ilum \u00feegar \u00fea\u00f0 er nau\u00f0synlegt til a\u00f0 vernda br\u00fdna hagsmuni t.d. vi\u00f0 innheimtu \u00e1 vanskilakr\u00f6fum. Vi\u00f0 deilum einnig uppl\u00fdsingum, \u00ed t\u00f6lfr\u00e6\u00f0ilegum tilgangi, me\u00f0 vinnslua\u00f0ilum sem vinna me\u00f0 fyrirt\u00e6kinu vi\u00f0 g\u00e6\u00f0a- og marka\u00f0sstarf. Vi\u00f0 afhendum vinnslua\u00f0ilunum einungis \u00fe\u00e6r pers\u00f3nuuppl\u00fdsingar sem eru nau\u00f0synlegar fyrir vinnslua\u00f0ila \u00ed framangreindum tilgangi og gerir fyrirt\u00e6ki\u00f0 \u00fe\u00e1 samning \u00fear sem vinnslua\u00f0ilarnir undirgangast skyldu um a\u00f0 halda uppl\u00fdsingum um \u00feig \u00f6ruggum og nota \u00fe\u00e6r einungis \u00ed framangreindum tilgangi.<\/p>\n\n\n\n<p>Vi\u00f0 vi\u00f0h\u00f6fum vi\u00f0eigandi \u00f6ryggisr\u00e1\u00f0stafanir \u00ed \u00fev\u00ed skyni a\u00f0 hindra a\u00f0 pers\u00f3nuuppl\u00fdsingar \u00fe\u00ednar glatist, breytist, ver\u00f0i birtar e\u00f0a a\u00f0gangur veittur a\u00f0 \u00feeim \u00ed leyfisleysi. A\u00f0gangur a\u00f0 uppl\u00fdsingunum er auk \u00feess takmarka\u00f0ur vi\u00f0 \u00fe\u00e1 a\u00f0ila sem nau\u00f0syn ber til og sem eru bundnir tr\u00fana\u00f0arskuldbindingu.<\/p>\n\n\n\n<p>Vi\u00f0 vekjum athygli \u00e1 \u00fev\u00ed a\u00f0 \u00fe\u00fa ber \u00e1byrg\u00f0 \u00e1 pers\u00f3nuuppl\u00fdsingum, t.d. nafni, aldri og mynd, sem \u00fe\u00fa k\u00fdst a\u00f0 deila \u00e1 almennum vettvangi, t.d. \u00ed gegnum spjallr\u00e1s e\u00f0a Facebook s\u00ed\u00f0ur vefs\u00ed\u00f0na okkar.<\/p>\n\n\n\n<p>Vi\u00f0 viljum einnig taka fram a\u00f0 gagnaflutningur \u00e1 netinu er aldrei fullkomin \u00f6ruggur. \u00de\u00e9r er \u00fev\u00ed bent \u00e1 a\u00f0 l\u00e1ta okkur umsvifalaust vita ef \u00fe\u00fa telur h\u00e6ttu \u00e1 a\u00f0 tilteknar uppl\u00fdsingar sem \u00fe\u00fa hefur gefi\u00f0 okkur s\u00e9u \u00ed h\u00e6ttu.<\/p>\n\n\n\n<p>Ef upp kemur \u00f6ryggisbrestur sem hefur \u00e1hrif \u00e1 pers\u00f3nuuppl\u00fdsingar munum vi\u00f0 tilkynna sl\u00edkt til Pers\u00f3nuverndar og eftir atvikum til \u00fe\u00edn eftir \u00fev\u00ed sem l\u00f6g m\u00e6la fyrir um.<\/p>\n\n\n\n<p>Teljir \u00fe\u00fa a\u00f0 samskipti \u00fe\u00edn vi\u00f0 okkur s\u00e9u ekki \u00f6rugg, bi\u00f0jum vi\u00f0 \u00feig um a\u00f0 l\u00e1ta okkur umsvifalaust vita um vandam\u00e1li\u00f0 me\u00f0 \u00fev\u00ed a\u00f0 senda p\u00f3st \u00e1 netfangi\u00f0&nbsp;<a href=\"mailto:store@filipino.is\">store@filipino.is<\/a><a href=\"mailto:personuvernd@wedo.is\"><\/a><\/p>\n\n\n\n<p>Vefs\u00ed\u00f0ur okkar eru \u00e6tla\u00f0ar einstaklingum sem eru \u00ed \u00fea\u00f0 minnsta or\u00f0nir 13 \u00e1ra. Vi\u00f0 krefjumst \u00feess a\u00f0 einstaklingar yngri en 13 \u00e1ra gefi ekki upp pers\u00f3nuuppl\u00fdsingar \u00ed gegnum s\u00ed\u00f0urnar. \u00dea\u00f0 er stefna okkar a\u00f0 hvorki safna n\u00e9 var\u00f0veita pers\u00f3nuuppl\u00fdsingar um neinn einstakling yngri en 13 \u00e1ra.<\/p>\n\n\n\n<p><strong>Hve lengi eru pers\u00f3nuuppl\u00fdsingar geymdar?<\/strong><\/p>\n\n\n\n<p>Pers\u00f3nuuppl\u00fdsingar geymum vi\u00f0 a\u00f0eins svo lengi sem nau\u00f0syn ber til \u00ed \u00feeim tilgangi sem \u00feeirra var afla\u00f0. Geymslut\u00edmi sl\u00edkra pers\u00f3nuuppl\u00fdsinga fer eftir e\u00f0li uppl\u00fdsinganna og \u00feeim lagareglum sem gilda um vi\u00f0komandi vinnslu pers\u00f3nuuppl\u00fdsinga, t.d. skatta- e\u00f0a b\u00f3khaldsl\u00f6ggjafar. \u00cd einstaka tilvikum kann einnig a\u00f0 vera nau\u00f0synlegt a\u00f0 geyma g\u00f6gn vegna l\u00f6gm\u00e6tra hagsmuna , t.d. vegna deilum\u00e1la.<\/p>\n\n\n\n<p><strong>R\u00e9ttur \u00feinn<\/strong><\/p>\n\n\n\n<p>\u00cd vissum tilvikum \u00e1tt \u00fe\u00fa r\u00e9ttindi samkv\u00e6mt pers\u00f3nuverndarl\u00f6ggj\u00f6f \u00ed tengslum vi\u00f0 vinnslu okkar \u00e1 pers\u00f3nuuppl\u00fdsingum. Ef \u00fe\u00fa vilt neyta \u00feessara r\u00e9ttinda bi\u00f0jum vi\u00f0 \u00feig a\u00f0 hafa samband vi\u00f0 okkur og vi\u00f0 munum leitast vi\u00f0 a\u00f0 svara bei\u00f0ni \u00feinni eins flj\u00f3tt og au\u00f0i\u00f0 er, en tryggjum a\u00f0 sl\u00edkt s\u00e9 loki\u00f0 innan 30 daga&nbsp; nema um s\u00e9 a\u00f0 r\u00e6\u00f0a margar e\u00f0a umfangsmiklar bei\u00f0nir. Vi\u00f0 kunnum a\u00f0 \u00f3ska eftir vi\u00f0b\u00f3taruppl\u00fdsingum fr\u00e1 \u00fe\u00e9r \u00ed tengslum vi\u00f0 bei\u00f0ni \u00fe\u00edna, t.d. vegna au\u00f0kenningar.<\/p>\n\n\n\n<p>Vi\u00f0 t\u00f6kum ekki almennt ekki gjald fyrir afhendingu gagna e\u00f0a afgrei\u00f0slu annarra bei\u00f0na. Vi\u00f0 \u00e1skiljum okkur \u00fe\u00f3 r\u00e9tt \u00e1 a\u00f0 innheimta gjald e\u00f0a synja um afhendingu \u00feegar um er a\u00f0 r\u00e6\u00f0a bei\u00f0nir sem eru bers\u00fdnilega tilh\u00e6fulausar, \u00f3h\u00f3flegar e\u00f0a margendurteknar.<\/p>\n\n\n\n<p><strong>R\u00e9ttur til a\u00f0gangs:<\/strong>&nbsp;\u00de\u00fa \u00e1tt r\u00e9tt \u00e1 a\u00f0 \u00f3ska eftir a\u00f0gangi a\u00f0 pers\u00f3nuuppl\u00fdsingum um \u00feig og a\u00f0 f\u00e1 afhent afrit uppl\u00fdsinganna. Me\u00f0 \u00feeim h\u00e6tti getur \u00fe\u00fa fullvissa\u00f0 \u00feig um a\u00f0 uppl\u00fdsingarnar s\u00e9u r\u00e9ttar og a\u00f0 vinnsla okkar \u00e1 \u00feeim s\u00e9 \u00ed samr\u00e6mi vi\u00f0 l\u00f6g.<\/p>\n\n\n\n<p><strong>R\u00e9ttur til lei\u00f0r\u00e9ttingar:<\/strong>&nbsp;Ef einhverjar uppl\u00fdsingar um \u00feig eru rangar e\u00f0a \u00f3n\u00e1kv\u00e6mar \u00e1tt \u00fe\u00fa almennt r\u00e9tt \u00e1 a\u00f0 l\u00e1ta okkur lei\u00f0r\u00e9tta \u00fe\u00e6r.<\/p>\n\n\n\n<p><strong>R\u00e9ttur til ey\u00f0ingar:<\/strong>&nbsp;\u00cd vissum tilvikum getur \u00fe\u00fa \u00e1tt r\u00e9tt \u00e1 a\u00f0 vi\u00f0 ey\u00f0um pers\u00f3nuuppl\u00fdsingum sem vi\u00f0 geymum um \u00feig. \u00deetta \u00e1 einkum vi\u00f0 \u00ed \u00feeim tilvikum \u00fear sem uppl\u00fdsingarnar eru ekki lengur nau\u00f0synlegar, ef \u00fe\u00fa hefur andm\u00e6lt vinnslu uppl\u00fdsinganna (sbr. h\u00e9r a\u00f0 ne\u00f0an), ef vinnslan reynist \u00f3l\u00f6gm\u00e6t, e\u00f0a ef vinnslan bygg\u00f0i \u00e1 sam\u00feykki sem \u00fe\u00fa hefur s\u00ed\u00f0ar afturkalla\u00f0. Vi\u00f0 \u00e1skiljum okkur &nbsp;\u00fe\u00f3 r\u00e9tt til a\u00f0 meta \u00ed hvert eitt sinn hvort skylt s\u00e9 a\u00f0 ey\u00f0a g\u00f6gnum.<\/p>\n\n\n\n<p><strong>R\u00e9ttur til a\u00f0 andm\u00e6la vinnslu:<\/strong>&nbsp;Ef vinnsla okkar byggir \u00e1 almannahagsmunum\/ l\u00f6gm\u00e6tum hagsmunum okkar e\u00f0a annarra og \u00fe\u00fa telur a\u00f0 vegna a\u00f0st\u00e6\u00f0na \u00feinna brj\u00f3ti vinnslan gegn grundvallarr\u00e9ttindum \u00fe\u00ednum, getur \u00fe\u00fa andm\u00e6lt vinnslunni. Ef \u00fe\u00fa andm\u00e6lir, h\u00e6ttum vi\u00f0 vinnslunni nema vi\u00f0 getum bent \u00e1 r\u00edkari l\u00f6gm\u00e6ta hagsmuni af a\u00f0 halda henni \u00e1fram.<\/p>\n\n\n\n<p><strong>R\u00e9ttur til takm\u00f6rkunar \u00e1 vinnslu:<\/strong>&nbsp;\u00cd eftirt\u00f6ldum tilvikum \u00e1tt \u00fe\u00fa r\u00e9tt \u00e1 a\u00f0 vi\u00f0 st\u00f6\u00f0vum vinnslu pers\u00f3nuuppl\u00fdsinga:<\/p>\n\n\n\n<ul class=\"wp-block-list\">\n<li>Ef \u00fe\u00fa vefengir a\u00f0 pers\u00f3nuuppl\u00fdsingarnar s\u00e9u r\u00e9ttar (\u00feanga\u00f0 til vi\u00f0 getum sta\u00f0fest a\u00f0 \u00fe\u00e6r s\u00e9u r\u00e9ttar),<\/li>\n\n\n\n<li>Vinnslan er \u00f3l\u00f6gm\u00e6t, en \u00fe\u00fa vilt ekki a\u00f0 pers\u00f3nuuppl\u00fdsingunum s\u00e9 eytt,<\/li>\n\n\n\n<li>Vi\u00f0 \u00feurfum ekki lengur \u00e1 pers\u00f3nuuppl\u00fdsingunum a\u00f0 halda fyrir vinnsluna en \u00fe\u00fa \u00fearfnast \u00feeirra til \u00feess a\u00f0 stofna, hafa uppi e\u00f0a verja r\u00e9ttarkr\u00f6fur,<\/li>\n\n\n\n<li>\u00de\u00fa hefur andm\u00e6lt vinnslunni, sbr. a\u00f0 ofan. \u00cd \u00fev\u00ed tilviki st\u00f6\u00f0vum vi\u00f0 vinnslu me\u00f0an vi\u00f0 h\u00f6fum ekki bent \u00e1 r\u00edkari l\u00f6gm\u00e6ta hagsmuni okkar af a\u00f0 halda henni \u00e1fram.<\/li>\n<\/ul>\n\n\n\n<p><strong>R\u00e9ttur til a\u00f0 afturkalla sam\u00feykki:<\/strong>&nbsp;\u00cd \u00feeim tilvikum \u00fear sem vi\u00f0 byggjum vinnslu \u00e1 sam\u00feykki \u00fe\u00ednu er \u00fe\u00e9r \u00e1vallt heimilt a\u00f0 afturkalla sl\u00edkt sam\u00feykki. Afturk\u00f6llun \u00fe\u00fd\u00f0ir \u00fe\u00f3 ekki a\u00f0 vinnsla sem f\u00f3r fram \u00e1\u00f0ur en sam\u00feykki var afturkalla\u00f0 s\u00e9 \u00f3l\u00f6gm\u00e6t.<\/p>\n\n\n\n<p>Ef \u00fe\u00fa vilt n\u00fdta framangreindan r\u00e9tt \u00fe\u00e1 sendur okkur t\u00f6lvup\u00f3st \u00e1&nbsp;<a href=\"mailto:store@filipino.is\"><\/a><a href=\"mailto:store@filipino.is\">store@filipino.is<\/a>&nbsp;&nbsp;e\u00f0a&nbsp;<a href=\"https:\/\/filipino.is\/index.php\/contact-us\/\" target=\"_blank\" rel=\"noreferrer noopener\">smelltu h\u00e9r<\/a>.<\/p>\n\n\n\n<p><strong>Pers\u00f3nuverndarfulltr\u00fai<\/strong><\/p>\n\n\n\n<p>Ef \u00fe\u00fa hefur spurningar, athugasemdir, e\u00f0a kvartanir fram a\u00f0 f\u00e6ra var\u00f0andi \u00feessa pers\u00f3nuverndaryfirl\u00fdsingu e\u00f0a me\u00f0fer\u00f0 okkar \u00e1 pers\u00f3nuuppl\u00fdsingum getur \u00fe\u00fa haft samband vi\u00f0 pers\u00f3nuverndarfulltr\u00faa okkar \u00e1 netfanginu:&nbsp;<a href=\"mailto:store@filipino.is\">&nbsp;<\/a><a href=\"mailto:store@filipino.is\"><\/a><a href=\"mailto:store@filipino.is\">store@filipino.is<\/a><\/p>\n\n\n\n<p>Ef \u00fe\u00fa telur \u00feig ekki f\u00e1 \u00farlausn \u00feinna m\u00e1la hj\u00e1 pers\u00f3nuverndarfulltr\u00faa er \u00fe\u00e9r \u00e1vallt heimilt a\u00f0 beina kv\u00f6rtun til&nbsp;<a href=\"https:\/\/www.personuvernd.is\/\" target=\"_blank\" rel=\"noreferrer noopener\">Pers\u00f3nuverndar<\/a><\/p>\n\n\n\n<p><strong>Breytingar<\/strong><\/p>\n\n\n\n<p>Pers\u00f3nuverndaryfirl\u00fdsing \u00feessi var sam\u00feykkt \u00feann 1. j\u00fal\u00ed 2018.<\/p>\n\n\n\n<p>Pers\u00f3nuverndarstefna okkar er \u00ed st\u00f6\u00f0ugri sko\u00f0un og \u00fev\u00ed kann \u00feessari pers\u00f3nuverndaryfirl\u00fdsingu a\u00f0 ver\u00f0a breytt. Vi\u00f0 munum birta allar sl\u00edkar breytingar \u00e1 vefs\u00ed\u00f0um okkar:&nbsp;<a href=\"http:\/\/www.filipino.is\/\">https:\/\/www.filipino.is<\/a><\/p>\n\n\n\n<p>Me\u00f0 sama h\u00e6tti er okkur mikilv\u00e6gt a\u00f0 uppl\u00fdsingar um \u00feig s\u00e9u \u00e1vallt sem r\u00e9ttastar. \u00dev\u00ed bi\u00f0jum vi\u00f0 \u00feig g\u00f3\u00f0f\u00faslega a\u00f0 l\u00e1ta okkur vita ef tengili\u00f0auppl\u00fdsingar \u00fe\u00ednar \u2013 t.d. s\u00edman\u00famer \u00feitt e\u00f0a netfang e\u00f0a a\u00f0rar uppl\u00fdsingar breytast.<\/p>\n","protected":false},"excerpt":{"rendered":"<p>Pers\u00f3nuvernd Filipino Store ehf. fer me\u00f0 allar uppl\u00fdsingar um vi\u00f0skiptavini sem tr\u00fana\u00f0arm\u00e1l. Filipino Store ehf. geymir ekki uppl\u00fdsingar um grei\u00f0slukort \u00fear sem vi\u00f0skiptin fara fram \u00e1 vefsv\u00e6\u00f0i Mypos. Almennt \u00cd \u00feessari pers\u00f3nuverndaryfirl\u00fdsingu kemur fram hvernig vi\u00f0 umg\u00f6ngumst \u00fe\u00e6r pers\u00f3nuuppl\u00fdsingar sem vi\u00f0 geymum um \u00feig og hva\u00f0a r\u00e9ttindi \u00fe\u00fa \u00e1tt var\u00f0andi uppl\u00fdsingarnar. Filipino Store ehf. er [&hellip;]<\/p>\n","protected":false},"author":1,"featured_media":0,"parent":0,"menu_order":0,"comment_status":"closed","ping_status":"open","template":"","meta":{"footnotes":""},"class_list":["post-3","page","type-page","status-publish","hentry"],"_links":{"self":[{"href":"https:\/\/filipino.is\/alcohol\/index.php\/wp-json\/wp\/v2\/pages\/3","targetHints":{"allow":["GET"]}}],"collection":[{"href":"https:\/\/filipino.is\/alcohol\/index.php\/wp-json\/wp\/v2\/pages"}],"about":[{"href":"https:\/\/filipino.is\/alcohol\/index.php\/wp-json\/wp\/v2\/types\/page"}],"author":[{"embeddable":true,"href":"https:\/\/filipino.is\/alcohol\/index.php\/wp-json\/wp\/v2\/users\/1"}],"replies":[{"embeddable":true,"href":"https:\/\/filipino.is\/alcohol\/index.php\/wp-json\/wp\/v2\/comments?post=3"}],"version-history":[{"count":2,"href":"https:\/\/filipino.is\/alcohol\/index.php\/wp-json\/wp\/v2\/pages\/3\/revisions"}],"predecessor-version":[{"id":59,"href":"https:\/\/filipino.is\/alcohol\/index.php\/wp-json\/wp\/v2\/pages\/3\/revisions\/59"}],"wp:attachment":[{"href":"https:\/\/filipino.is\/alcohol\/index.php\/wp-json\/wp\/v2\/media?parent=3"}],"curies":[{"name":"wp","href":"https:\/\/api.w.org\/{rel}","templated":true}]}}